{"id":10766,"date":"2025-12-09T14:28:45","date_gmt":"2025-12-09T13:28:45","guid":{"rendered":"https:\/\/www.hotel-lapietra.com\/?page_id=10766"},"modified":"2025-12-09T14:54:13","modified_gmt":"2025-12-09T13:54:13","slug":"hotel-3-etoiles-corse","status":"publish","type":"page","link":"https:\/\/www.hotel-lapietra.com\/it\/turismo-hotel-ile-rousse-corsica\/hotel-3-etoiles-corse\/","title":{"rendered":"H\u00f4tel 3 \u00e9toiles Corse"},"content":{"rendered":"<div data-elementor-type=\"wp-page\" data-elementor-id=\"10766\" class=\"elementor elementor-10766\" data-elementor-post-type=\"page\">\n\t\t\t\t\t\t<section class=\"elementor-section elementor-top-section elementor-element elementor-element-d6c7843 elementor-section-full_width elementor-section-height-min-height elementor-section-height-default elementor-section-items-middle\" data-id=\"d6c7843\" data-element_type=\"section\" data-settings=\"{&quot;background_background&quot;:&quot;classic&quot;}\">\n\t\t\t\t\t\t\t<div class=\"elementor-background-overlay\"><\/div>\n\t\t\t\t\t\t\t<div class=\"elementor-container elementor-column-gap-default\">\n\t\t\t\t\t<div class=\"elementor-column elementor-col-100 elementor-top-column elementor-element elementor-element-88bef6c\" data-id=\"88bef6c\" data-element_type=\"column\">\n\t\t\t<div class=\"elementor-widget-wrap elementor-element-populated\">\n\t\t\t\t\t\t\t<\/div>\n\t\t<\/div>\n\t\t\t\t\t<\/div>\n\t\t<\/section>\n\t\t\t\t<section class=\"elementor-section elementor-top-section elementor-element elementor-element-99f5059 elementor-section-boxed elementor-section-height-default elementor-section-height-default\" data-id=\"99f5059\" data-element_type=\"section\" data-settings=\"{&quot;background_background&quot;:&quot;classic&quot;}\">\n\t\t\t\t\t\t\t<div class=\"elementor-background-overlay\"><\/div>\n\t\t\t\t\t\t\t<div class=\"elementor-container elementor-column-gap-default\">\n\t\t\t\t\t<div class=\"elementor-column elementor-col-50 elementor-top-column elementor-element elementor-element-caa8998\" data-id=\"caa8998\" data-element_type=\"column\">\n\t\t\t<div class=\"elementor-widget-wrap elementor-element-populated\">\n\t\t\t\t\t\t<div class=\"elementor-element elementor-element-794ee86 elementor-widget elementor-widget-heading\" data-id=\"794ee86\" data-element_type=\"widget\" data-widget_type=\"heading.default\">\n\t\t\t\t<div class=\"elementor-widget-container\">\n\t\t\t\t\t<h1 class=\"elementor-heading-title elementor-size-default\">H\u00f4tel 3 \u00e9toiles en Corse : s\u00e9jour raffin\u00e9 \u00e0 l\u2019H\u00f4tel La Pietra<\/h1>\t\t\t\t<\/div>\n\t\t\t\t<\/div>\n\t\t\t\t<div class=\"elementor-element elementor-element-4aa26df elementor-widget elementor-widget-heading\" data-id=\"4aa26df\" data-element_type=\"widget\" data-widget_type=\"heading.default\">\n\t\t\t\t<div class=\"elementor-widget-container\">\n\t\t\t\t\t<h2 class=\"elementor-heading-title elementor-size-default\">Pourquoi choisir un h\u00f4tel 3 \u00e9toiles en Corse pour vos vacances ?<\/h2>\t\t\t\t<\/div>\n\t\t\t\t<\/div>\n\t\t\t\t<section class=\"elementor-section elementor-inner-section elementor-element elementor-element-7467021 elementor-section-boxed elementor-section-height-default elementor-section-height-default\" data-id=\"7467021\" data-element_type=\"section\">\n\t\t\t\t\t\t<div class=\"elementor-container elementor-column-gap-default\">\n\t\t\t\t\t<div class=\"elementor-column elementor-col-100 elementor-inner-column elementor-element elementor-element-0ba11df\" data-id=\"0ba11df\" data-element_type=\"column\" data-settings=\"{&quot;background_background&quot;:&quot;classic&quot;}\">\n\t\t\t<div class=\"elementor-widget-wrap elementor-element-populated\">\n\t\t\t\t\t<div class=\"elementor-background-overlay\"><\/div>\n\t\t\t\t\t\t<div class=\"elementor-element elementor-element-d201955 elementor-widget elementor-widget-spacer\" data-id=\"d201955\" data-element_type=\"widget\" data-widget_type=\"spacer.default\">\n\t\t\t\t<div class=\"elementor-widget-container\">\n\t\t\t\t\t\t\t<div class=\"elementor-spacer\">\n\t\t\t<div class=\"elementor-spacer-inner\"><\/div>\n\t\t<\/div>\n\t\t\t\t\t\t<\/div>\n\t\t\t\t<\/div>\n\t\t\t\t\t<\/div>\n\t\t<\/div>\n\t\t\t\t\t<\/div>\n\t\t<\/section>\n\t\t\t\t<div class=\"elementor-element elementor-element-fa02a3f elementor-widget elementor-widget-text-editor\" data-id=\"fa02a3f\" data-element_type=\"widget\" data-widget_type=\"text-editor.default\">\n\t\t\t\t<div class=\"elementor-widget-container\">\n\t\t\t\t\t\t\t\t\t<p data-pm-slice=\"1 1 []\">Choisir un <a href=\"https:\/\/www.hotel-lapietra.com\/it\/\">h\u00f4tel 3 \u00e9toiles en Corse<\/a>, c\u2019est opter pour l\u2019\u00e9quilibre parfait entre confort, authenticit\u00e9 et budget ma\u00eetris\u00e9. Ces \u00e9tablissements offrent tout le n\u00e9cessaire pour vivre pleinement la douceur m\u00e9diterran\u00e9enne : accueil soign\u00e9, services attentifs et situation privil\u00e9gi\u00e9e face \u00e0 des paysages spectaculaires. L\u2019H\u00f4tel La Pietra incarne cet art de vivre insulaire, o\u00f9 chaque d\u00e9tail refl\u00e8te l\u2019hospitalit\u00e9 corse et l\u2019esprit de s\u00e9r\u00e9nit\u00e9 qui en fait une destination unique.<\/p><h3>Les atouts d\u2019une cat\u00e9gorie confortable sans compromis<\/h3><p>Les h\u00f4tels 3 \u00e9toiles s\u00e9duisent par leur rapport qualit\u00e9-prix exceptionnel. Sans ostentation, ils garantissent un niveau de confort \u00e9lev\u00e9 : <a href=\"https:\/\/www.hotel-lapietra.com\/it\/camere-ile-rousse-hotel\/\">stanze<\/a> climatis\u00e9es, literie soign\u00e9e, restauration de qualit\u00e9, espaces conviviaux et services professionnels. Ce positionnement permet de profiter d\u2019un s\u00e9jour reposant, tout en conservant la libert\u00e9 de d\u00e9couvrir la r\u00e9gion \u00e0 son rythme. En Corse, cette cat\u00e9gorie d\u2019h\u00f4tel repr\u00e9sente souvent l\u2019alliance id\u00e9ale entre charme local et prestations modernes.<\/p><h3>Comment bien rep\u00e9rer un h\u00f4tel 3 \u00e9toiles de qualit\u00e9 en Corse<\/h3><p>Un bon h\u00f4tel 3 \u00e9toiles se reconna\u00eet \u00e0 son accueil personnalis\u00e9, \u00e0 la propret\u00e9 irr\u00e9prochable de ses espaces et \u00e0 la coh\u00e9rence de ses services. La situation g\u00e9ographique joue aussi un r\u00f4le majeur : proximit\u00e9 de la mer, acc\u00e8s facile aux villages et panoramas authentiques. L\u2019H\u00f4tel La Pietra illustre parfaitement cette exigence : un \u00e9tablissement \u00e0 taille humaine, offrant confort, vue imprenable et sens du d\u00e9tail au c\u0153ur de la Balagne.<\/p>\t\t\t\t\t\t\t\t<\/div>\n\t\t\t\t<\/div>\n\t\t\t\t\t<\/div>\n\t\t<\/div>\n\t\t\t\t<div class=\"elementor-column elementor-col-50 elementor-top-column elementor-element elementor-element-0e33b50\" data-id=\"0e33b50\" data-element_type=\"column\">\n\t\t\t<div class=\"elementor-widget-wrap elementor-element-populated\">\n\t\t\t\t\t\t<div class=\"elementor-element elementor-element-8cbc3ce elementor-widget elementor-widget-image\" data-id=\"8cbc3ce\" data-element_type=\"widget\" data-widget_type=\"image.default\">\n\t\t\t\t<div class=\"elementor-widget-container\">\n\t\t\t\t\t\t\t\t\t\t\t\t\t\t\t<img fetchpriority=\"high\" decoding=\"async\" width=\"1500\" height=\"843\" src=\"https:\/\/www.hotel-lapietra.com\/wp-content\/uploads\/2023\/01\/chambre-confort-la-pietra.jpg\" class=\"attachment-full size-full wp-image-7366\" alt=\"foto-camera-comfort-letto-verde-hotel-la-pietra\" srcset=\"https:\/\/www.hotel-lapietra.com\/wp-content\/uploads\/2023\/01\/chambre-confort-la-pietra.jpg 1500w, https:\/\/www.hotel-lapietra.com\/wp-content\/uploads\/2023\/01\/chambre-confort-la-pietra-300x169.jpg 300w, https:\/\/www.hotel-lapietra.com\/wp-content\/uploads\/2023\/01\/chambre-confort-la-pietra-1024x575.jpg 1024w, https:\/\/www.hotel-lapietra.com\/wp-content\/uploads\/2023\/01\/chambre-confort-la-pietra-768x432.jpg 768w, https:\/\/www.hotel-lapietra.com\/wp-content\/uploads\/2023\/01\/chambre-confort-la-pietra-18x10.jpg 18w\" sizes=\"(max-width: 1500px) 100vw, 1500px\" title=\"Foto -\">\t\t\t\t\t\t\t\t\t\t\t\t\t\t\t<\/div>\n\t\t\t\t<\/div>\n\t\t\t\t\t<\/div>\n\t\t<\/div>\n\t\t\t\t\t<\/div>\n\t\t<\/section>\n\t\t\t\t<section class=\"elementor-section elementor-top-section elementor-element elementor-element-721e586 elementor-section-boxed elementor-section-height-default elementor-section-height-default\" data-id=\"721e586\" data-element_type=\"section\">\n\t\t\t\t\t\t<div class=\"elementor-container elementor-column-gap-default\">\n\t\t\t\t\t<div class=\"elementor-column elementor-col-100 elementor-top-column elementor-element elementor-element-3e48170\" data-id=\"3e48170\" data-element_type=\"column\">\n\t\t\t<div class=\"elementor-widget-wrap elementor-element-populated\">\n\t\t\t\t\t\t<div class=\"elementor-element elementor-element-698372b elementor-widget elementor-widget-heading\" data-id=\"698372b\" data-element_type=\"widget\" data-widget_type=\"heading.default\">\n\t\t\t\t<div class=\"elementor-widget-container\">\n\t\t\t\t\t<h2 class=\"elementor-heading-title elementor-size-default\">O\u00f9 se situe l\u2019H\u00f4tel La Pietra et quel cadre vous attend ?<\/h2>\t\t\t\t<\/div>\n\t\t\t\t<\/div>\n\t\t\t\t<section class=\"elementor-section elementor-inner-section elementor-element elementor-element-658a746 elementor-section-boxed elementor-section-height-default elementor-section-height-default\" data-id=\"658a746\" data-element_type=\"section\">\n\t\t\t\t\t\t<div class=\"elementor-container elementor-column-gap-default\">\n\t\t\t\t\t<div class=\"elementor-column elementor-col-100 elementor-inner-column elementor-element elementor-element-07978c1\" data-id=\"07978c1\" data-element_type=\"column\" data-settings=\"{&quot;background_background&quot;:&quot;classic&quot;}\">\n\t\t\t<div class=\"elementor-widget-wrap elementor-element-populated\">\n\t\t\t\t\t<div class=\"elementor-background-overlay\"><\/div>\n\t\t\t\t\t\t<div class=\"elementor-element elementor-element-f650112 elementor-widget elementor-widget-spacer\" data-id=\"f650112\" data-element_type=\"widget\" data-widget_type=\"spacer.default\">\n\t\t\t\t<div class=\"elementor-widget-container\">\n\t\t\t\t\t\t\t<div class=\"elementor-spacer\">\n\t\t\t<div class=\"elementor-spacer-inner\"><\/div>\n\t\t<\/div>\n\t\t\t\t\t\t<\/div>\n\t\t\t\t<\/div>\n\t\t\t\t\t<\/div>\n\t\t<\/div>\n\t\t\t\t\t<\/div>\n\t\t<\/section>\n\t\t\t\t<div class=\"elementor-element elementor-element-6da64b3 elementor-widget__width-initial elementor-widget elementor-widget-text-editor\" data-id=\"6da64b3\" data-element_type=\"widget\" data-widget_type=\"text-editor.default\">\n\t\t\t\t<div class=\"elementor-widget-container\">\n\t\t\t\t\t\t\t\t\t<p data-pm-slice=\"1 1 []\">Install\u00e9 \u00e0 L\u2019\u00cele-Rousse, sur un promontoire rocheux dominant la M\u00e9diterran\u00e9e, l\u2019H\u00f4tel La Pietra b\u00e9n\u00e9ficie d\u2019un cadre rare, suspendu entre ciel et mer. Ici, la Corse d\u00e9voile son visage le plus apaisant : horizon infini, criques sauvages et lumi\u00e8re dor\u00e9e. Le s\u00e9jour devient une parenth\u00e8se hors du temps, entre nature pr\u00e9serv\u00e9e et charme baln\u00e9aire.<\/p><h3>Une situation exceptionnelle en bord de mer \u00e0 L\u2019\u00cele-Rousse<\/h3><p>L\u2019adresse s\u00e9duit d\u2019abord par son emplacement privil\u00e9gi\u00e9 : une position panoramique \u00e0 l\u2019entr\u00e9e du port de L\u2019\u00cele-Rousse, \u00e0 quelques minutes \u00e0 pied du centre et des plages. Le spectacle de la mer accompagne chaque instant, du lever au coucher du soleil. Depuis les terrasses ou les chambres, la vue s\u2019\u00e9tend sur la baie et les \u00eelots de granit rouge qui ont donn\u00e9 leur nom \u00e0 la ville. L\u2019h\u00f4tel devient ainsi un point de d\u00e9part id\u00e9al pour explorer la Balagne ou simplement savourer la qui\u00e9tude du littoral.<\/p><h3>Vue, ambiance et proximit\u00e9 des plages et du port<\/h3><p>L\u2019H\u00f4tel La Pietra offre un cadre unique o\u00f9 la mer rythme le s\u00e9jour. Le port tout proche facilite les excursions maritimes et l\u2019acc\u00e8s aux ferries, tandis que les plages de sable fin se rejoignent en quelques pas. Le charme du lieu r\u00e9side aussi dans son atmosph\u00e8re paisible : entre le clapotis des vagues et la chaleur du soleil corse, chaque moment invite \u00e0 la d\u00e9tente et \u00e0 la contemplation.<\/p>\t\t\t\t\t\t\t\t<\/div>\n\t\t\t\t<\/div>\n\t\t\t\t\t<\/div>\n\t\t<\/div>\n\t\t\t\t\t<\/div>\n\t\t<\/section>\n\t\t\t\t<section class=\"elementor-section elementor-top-section elementor-element elementor-element-8908692 elementor-section-boxed elementor-section-height-default elementor-section-height-default\" data-id=\"8908692\" data-element_type=\"section\" data-settings=\"{&quot;background_background&quot;:&quot;classic&quot;}\">\n\t\t\t\t\t\t\t<div class=\"elementor-background-overlay\"><\/div>\n\t\t\t\t\t\t\t<div class=\"elementor-container elementor-column-gap-default\">\n\t\t\t\t\t<div class=\"elementor-column elementor-col-100 elementor-top-column elementor-element elementor-element-e2f821c\" data-id=\"e2f821c\" data-element_type=\"column\">\n\t\t\t<div class=\"elementor-widget-wrap elementor-element-populated\">\n\t\t\t\t\t\t<div class=\"elementor-element elementor-element-e1c4491 elementor-widget elementor-widget-heading\" data-id=\"e1c4491\" data-element_type=\"widget\" data-widget_type=\"heading.default\">\n\t\t\t\t<div class=\"elementor-widget-container\">\n\t\t\t\t\t<h2 class=\"elementor-heading-title elementor-size-default\">Quelles chambres et suites proposer pour un s\u00e9jour 3 \u00e9toiles ?<\/h2>\t\t\t\t<\/div>\n\t\t\t\t<\/div>\n\t\t\t\t<section class=\"elementor-section elementor-inner-section elementor-element elementor-element-dc7b95b elementor-section-boxed elementor-section-height-default elementor-section-height-default\" data-id=\"dc7b95b\" data-element_type=\"section\">\n\t\t\t\t\t\t<div class=\"elementor-container elementor-column-gap-default\">\n\t\t\t\t\t<div class=\"elementor-column elementor-col-100 elementor-inner-column elementor-element elementor-element-780c288\" data-id=\"780c288\" data-element_type=\"column\" data-settings=\"{&quot;background_background&quot;:&quot;classic&quot;}\">\n\t\t\t<div class=\"elementor-widget-wrap elementor-element-populated\">\n\t\t\t\t\t<div class=\"elementor-background-overlay\"><\/div>\n\t\t\t\t\t\t<div class=\"elementor-element elementor-element-a690f80 elementor-widget elementor-widget-spacer\" data-id=\"a690f80\" data-element_type=\"widget\" data-widget_type=\"spacer.default\">\n\t\t\t\t<div class=\"elementor-widget-container\">\n\t\t\t\t\t\t\t<div class=\"elementor-spacer\">\n\t\t\t<div class=\"elementor-spacer-inner\"><\/div>\n\t\t<\/div>\n\t\t\t\t\t\t<\/div>\n\t\t\t\t<\/div>\n\t\t\t\t\t<\/div>\n\t\t<\/div>\n\t\t\t\t\t<\/div>\n\t\t<\/section>\n\t\t\t\t<div class=\"elementor-element elementor-element-6e79e76 elementor-widget elementor-widget-text-editor\" data-id=\"6e79e76\" data-element_type=\"widget\" data-widget_type=\"text-editor.default\">\n\t\t\t\t<div class=\"elementor-widget-container\">\n\t\t\t\t\t\t\t\t\t<p data-pm-slice=\"1 1 []\">\u00c0 l\u2019H\u00f4tel La Pietra, le confort des chambres refl\u00e8te la philosophie de la maison : simplicit\u00e9 \u00e9l\u00e9gante, atmosph\u00e8re apaisante et attention sinc\u00e8re aux d\u00e9tails. Chaque espace a \u00e9t\u00e9 con\u00e7u pour offrir s\u00e9r\u00e9nit\u00e9 et lumi\u00e8re, avec la M\u00e9diterran\u00e9e comme toile de fond. Qu\u2019il s\u2019agisse d\u2019un court s\u00e9jour ou d\u2019une escapade prolong\u00e9e, la vue mer y est une promesse tenue.<\/p><h3>Types de chambres, balcons, vue mer ou tour g\u00e9noise<\/h3><p>L\u2019h\u00f4tel propose plusieurs cat\u00e9gories de <a href=\"https:\/\/www.hotel-lapietra.com\/it\/camere-ile-rousse-hotel\/\">stanze<\/a> e <a href=\"https:\/\/www.hotel-lapietra.com\/it\/suite-hotel-lile-rousse\/\">suite<\/a>, adapt\u00e9es \u00e0 tous les styles de s\u00e9jour. Les chambres vue mer s\u00e9duisent par leurs balcons tourn\u00e9s vers l\u2019horizon, parfaits pour admirer le coucher du soleil sur les roches rouges. Certaines offrent un acc\u00e8s direct \u00e0 la terrasse panoramique ou \u00e0 la mythique tour g\u00e9noise attenante, symbole du lieu. L\u2019ensemble se distingue par un design sobre, des teintes naturelles et une ambiance chaleureuse qui invite au repos.<\/p><h3>Confort, \u00e9quipements et services dans chaque chambre<\/h3><p>Chaque chambre dispose d\u2019\u00e9quipements modernes : climatisation, Wi-Fi, literie haut de gamme, salle de bain privative et coin bureau. Des d\u00e9tails soign\u00e9s \u2014 linge raffin\u00e9, produits d\u2019accueil, \u00e9clairage doux \u2014 renforcent la sensation de bien-\u00eatre. Le service de chambre et la propret\u00e9 irr\u00e9prochable t\u00e9moignent du souci permanent d\u2019offrir une exp\u00e9rience \u00e0 la hauteur d\u2019un v\u00e9ritable h\u00f4tel 3 \u00e9toiles en Corse, o\u00f9 confort et authenticit\u00e9 vont de pair.<\/p>\t\t\t\t\t\t\t\t<\/div>\n\t\t\t\t<\/div>\n\t\t\t\t\t<\/div>\n\t\t<\/div>\n\t\t\t\t\t<\/div>\n\t\t<\/section>\n\t\t\t\t<section class=\"elementor-section elementor-top-section elementor-element elementor-element-74c5542 elementor-section-boxed elementor-section-height-default elementor-section-height-default\" data-id=\"74c5542\" data-element_type=\"section\">\n\t\t\t\t\t\t<div class=\"elementor-container elementor-column-gap-default\">\n\t\t\t\t\t<div class=\"elementor-column elementor-col-100 elementor-top-column elementor-element elementor-element-e7b6602\" data-id=\"e7b6602\" data-element_type=\"column\">\n\t\t\t<div class=\"elementor-widget-wrap elementor-element-populated\">\n\t\t\t\t\t\t<div class=\"elementor-element elementor-element-62dd29a elementor-widget elementor-widget-heading\" data-id=\"62dd29a\" data-element_type=\"widget\" data-widget_type=\"heading.default\">\n\t\t\t\t<div class=\"elementor-widget-container\">\n\t\t\t\t\t<h2 class=\"elementor-heading-title elementor-size-default\">Quels services et \u00e9quipements distinguent l\u2019H\u00f4tel La Pietra ?<\/h2>\t\t\t\t<\/div>\n\t\t\t\t<\/div>\n\t\t\t\t<section class=\"elementor-section elementor-inner-section elementor-element elementor-element-2b811f4 elementor-section-boxed elementor-section-height-default elementor-section-height-default\" data-id=\"2b811f4\" data-element_type=\"section\">\n\t\t\t\t\t\t<div class=\"elementor-container elementor-column-gap-default\">\n\t\t\t\t\t<div class=\"elementor-column elementor-col-100 elementor-inner-column elementor-element elementor-element-9935db6\" data-id=\"9935db6\" data-element_type=\"column\" data-settings=\"{&quot;background_background&quot;:&quot;classic&quot;}\">\n\t\t\t<div class=\"elementor-widget-wrap elementor-element-populated\">\n\t\t\t\t\t<div class=\"elementor-background-overlay\"><\/div>\n\t\t\t\t\t\t<div class=\"elementor-element elementor-element-0a8064a elementor-widget elementor-widget-spacer\" data-id=\"0a8064a\" data-element_type=\"widget\" data-widget_type=\"spacer.default\">\n\t\t\t\t<div class=\"elementor-widget-container\">\n\t\t\t\t\t\t\t<div class=\"elementor-spacer\">\n\t\t\t<div class=\"elementor-spacer-inner\"><\/div>\n\t\t<\/div>\n\t\t\t\t\t\t<\/div>\n\t\t\t\t<\/div>\n\t\t\t\t\t<\/div>\n\t\t<\/div>\n\t\t\t\t\t<\/div>\n\t\t<\/section>\n\t\t\t\t<div class=\"elementor-element elementor-element-5818ef9 elementor-widget__width-initial elementor-widget elementor-widget-text-editor\" data-id=\"5818ef9\" data-element_type=\"widget\" data-widget_type=\"text-editor.default\">\n\t\t\t\t<div class=\"elementor-widget-container\">\n\t\t\t\t\t\t\t\t\t<p data-pm-slice=\"1 1 []\">L\u2019H\u00f4tel La Pietra ne se contente pas d\u2019un cadre d\u2019exception : il cultive un art de recevoir qui allie convivialit\u00e9 et prestations de qualit\u00e9. Chaque service a \u00e9t\u00e9 pens\u00e9 pour enrichir l\u2019exp\u00e9rience client, qu\u2019il s\u2019agisse de bien-\u00eatre, de gastronomie ou de moments de d\u00e9tente face \u00e0 la mer. Un s\u00e9jour ici, c\u2019est avant tout une exp\u00e9rience sensorielle compl\u00e8te.<\/p><h3>Bien-\u00eatre, spa et zone d\u00e9tente<\/h3><p>L\u2019h\u00f4tel abrite un <a href=\"https:\/\/www.hotel-lapietra.com\/it\/hotel-spa-corsica\/\">espace d\u00e9tente<\/a> o\u00f9 les h\u00f4tes peuvent se ressourcer face \u00e0 la mer. Bassin de relaxation, sauna et massages sur demande prolongent la douceur du s\u00e9jour. L\u2019atmosph\u00e8re intimiste, le calme environnant et la vue panoramique cr\u00e9ent les conditions id\u00e9ales pour se d\u00e9connecter du quotidien, dans un cadre naturel d\u2019une rare beaut\u00e9.<\/p><h3>Restauration, bar et soir\u00e9es musicales<\/h3><p>Le <a href=\"https:\/\/www.hotel-lapietra.com\/it\/ristorante-la-pietra\/\">ristorante<\/a> panoramique de l\u2019h\u00f4tel met \u00e0 l\u2019honneur les produits corses et la cuisine m\u00e9diterran\u00e9enne, dans un d\u00e9cor baign\u00e9 de lumi\u00e8re. Les convives d\u00e9gustent des mets raffin\u00e9s tout en admirant la mer. Le bar, ouvert sur la terrasse, invite \u00e0 prolonger la soir\u00e9e autour d\u2019un cocktail ou d\u2019un verre de vin local, souvent accompagn\u00e9 de musique live qui anime les douces soir\u00e9es insulaires.<\/p><h3>Parking, Wi-Fi, accueil familles et animaux<\/h3><p>L\u2019H\u00f4tel La Pietra veille \u00e0 la s\u00e9r\u00e9nit\u00e9 de tous : parking priv\u00e9 avec bornes de recharge \u00e9lectrique, connexion Wi-Fi gratuite, ascenseur et r\u00e9ception disponible. Les animaux de compagnie sont accept\u00e9s, preuve d\u2019un accueil authentique et bienveillant qui fait la r\u00e9putation de cette adresse 3 \u00e9toiles en Corse.<\/p>\t\t\t\t\t\t\t\t<\/div>\n\t\t\t\t<\/div>\n\t\t\t\t\t<\/div>\n\t\t<\/div>\n\t\t\t\t\t<\/div>\n\t\t<\/section>\n\t\t\t\t<section class=\"elementor-section elementor-top-section elementor-element elementor-element-682d8f9 elementor-section-boxed elementor-section-height-default elementor-section-height-default\" data-id=\"682d8f9\" data-element_type=\"section\" data-settings=\"{&quot;background_background&quot;:&quot;classic&quot;}\">\n\t\t\t\t\t\t\t<div class=\"elementor-background-overlay\"><\/div>\n\t\t\t\t\t\t\t<div class=\"elementor-container elementor-column-gap-default\">\n\t\t\t\t\t<div class=\"elementor-column elementor-col-100 elementor-top-column elementor-element elementor-element-82bff15\" data-id=\"82bff15\" data-element_type=\"column\">\n\t\t\t<div class=\"elementor-widget-wrap elementor-element-populated\">\n\t\t\t\t\t\t<div class=\"elementor-element elementor-element-8a2348c elementor-widget elementor-widget-heading\" data-id=\"8a2348c\" data-element_type=\"widget\" data-widget_type=\"heading.default\">\n\t\t\t\t<div class=\"elementor-widget-container\">\n\t\t\t\t\t<h2 class=\"elementor-heading-title elementor-size-default\">Comment l\u2019h\u00f4tel s\u2019inscrit dans l\u2019exp\u00e9rience corse et l\u2019esprit Balagne ?<\/h2>\t\t\t\t<\/div>\n\t\t\t\t<\/div>\n\t\t\t\t<section class=\"elementor-section elementor-inner-section elementor-element elementor-element-4fa9f88 elementor-section-boxed elementor-section-height-default elementor-section-height-default\" data-id=\"4fa9f88\" data-element_type=\"section\">\n\t\t\t\t\t\t<div class=\"elementor-container elementor-column-gap-default\">\n\t\t\t\t\t<div class=\"elementor-column elementor-col-100 elementor-inner-column elementor-element elementor-element-3cc1cdf\" data-id=\"3cc1cdf\" data-element_type=\"column\" data-settings=\"{&quot;background_background&quot;:&quot;classic&quot;}\">\n\t\t\t<div class=\"elementor-widget-wrap elementor-element-populated\">\n\t\t\t\t\t<div class=\"elementor-background-overlay\"><\/div>\n\t\t\t\t\t\t<div class=\"elementor-element elementor-element-3c0f9e9 elementor-widget elementor-widget-spacer\" data-id=\"3c0f9e9\" data-element_type=\"widget\" data-widget_type=\"spacer.default\">\n\t\t\t\t<div class=\"elementor-widget-container\">\n\t\t\t\t\t\t\t<div class=\"elementor-spacer\">\n\t\t\t<div class=\"elementor-spacer-inner\"><\/div>\n\t\t<\/div>\n\t\t\t\t\t\t<\/div>\n\t\t\t\t<\/div>\n\t\t\t\t\t<\/div>\n\t\t<\/div>\n\t\t\t\t\t<\/div>\n\t\t<\/section>\n\t\t\t\t<div class=\"elementor-element elementor-element-7c78acf elementor-widget elementor-widget-text-editor\" data-id=\"7c78acf\" data-element_type=\"widget\" data-widget_type=\"text-editor.default\">\n\t\t\t\t<div class=\"elementor-widget-container\">\n\t\t\t\t\t\t\t\t\t<p data-pm-slice=\"1 1 []\">S\u00e9journer \u00e0 l\u2019H\u00f4tel La Pietra, c\u2019est plonger au c\u0153ur de la culture corse et de l\u2019\u00e2me si singuli\u00e8re de la Balagne. Entre traditions, gastronomie et paysages pr\u00e9serv\u00e9s, tout concourt \u00e0 une immersion sensorielle. L\u2019h\u00f4tel se fait le reflet de cette identit\u00e9 insulaire : g\u00e9n\u00e9reuse, fi\u00e8re et profond\u00e9ment ancr\u00e9e dans la beaut\u00e9 de son environnement.<\/p><h3>Gastronomie locale et ambiance m\u00e9diterran\u00e9enne<\/h3><p>L\u2019exp\u00e9rience culinaire occupe une place centrale. \u00c0 travers des recettes inspir\u00e9es du terroir \u2014 poissons frais, fromages corses, huiles d\u2019olive parfum\u00e9es, vins de Balagne \u2014 le restaurant de l\u2019h\u00f4tel valorise les saveurs de l\u2019\u00eele. Les repas se savourent dans une atmosph\u00e8re d\u00e9tendue, berc\u00e9e par la lumi\u00e8re du soir et le murmure de la mer. Chaque plat raconte un fragment de la Corse, entre terre et M\u00e9diterran\u00e9e.<\/p><h3>Excursions, plages, nature et d\u00e9couverte de la r\u00e9gion<\/h3><p>Depuis L\u2019\u00cele-Rousse, les excursions se multiplient : villages perch\u00e9s de la Balagne, plages aux eaux turquoise, sentiers c\u00f4tiers et march\u00e9s color\u00e9s. L\u2019h\u00f4tel, situ\u00e9 \u00e0 proximit\u00e9 des principaux axes, permet de rayonner facilement vers Calvi, Algajola ou les collines couvertes d\u2019oliveraies. L\u2019\u00e9quipe partage volontiers ses conseils pour explorer les plus beaux points de vue et vivre la Corse au plus pr\u00e8s de sa nature et de ses habitants.<\/p>\t\t\t\t\t\t\t\t<\/div>\n\t\t\t\t<\/div>\n\t\t\t\t\t<\/div>\n\t\t<\/div>\n\t\t\t\t\t<\/div>\n\t\t<\/section>\n\t\t\t\t<section class=\"elementor-section elementor-top-section elementor-element elementor-element-41e500e elementor-section-boxed elementor-section-height-default elementor-section-height-default\" data-id=\"41e500e\" data-element_type=\"section\">\n\t\t\t\t\t\t<div class=\"elementor-container elementor-column-gap-default\">\n\t\t\t\t\t<div class=\"elementor-column elementor-col-100 elementor-top-column elementor-element elementor-element-d9d29ab\" data-id=\"d9d29ab\" data-element_type=\"column\">\n\t\t\t<div class=\"elementor-widget-wrap elementor-element-populated\">\n\t\t\t\t\t\t<div class=\"elementor-element elementor-element-123c601 elementor-widget elementor-widget-heading\" data-id=\"123c601\" data-element_type=\"widget\" data-widget_type=\"heading.default\">\n\t\t\t\t<div class=\"elementor-widget-container\">\n\t\t\t\t\t<h2 class=\"elementor-heading-title elementor-size-default\">Pour qui est-ce l\u2019h\u00f4tel et quelle est la promesse de s\u00e9jour ?\n\n<\/h2>\t\t\t\t<\/div>\n\t\t\t\t<\/div>\n\t\t\t\t<section class=\"elementor-section elementor-inner-section elementor-element elementor-element-779c6b7 elementor-section-boxed elementor-section-height-default elementor-section-height-default\" data-id=\"779c6b7\" data-element_type=\"section\">\n\t\t\t\t\t\t<div class=\"elementor-container elementor-column-gap-default\">\n\t\t\t\t\t<div class=\"elementor-column elementor-col-100 elementor-inner-column elementor-element elementor-element-b03fe5a\" data-id=\"b03fe5a\" data-element_type=\"column\" data-settings=\"{&quot;background_background&quot;:&quot;classic&quot;}\">\n\t\t\t<div class=\"elementor-widget-wrap elementor-element-populated\">\n\t\t\t\t\t<div class=\"elementor-background-overlay\"><\/div>\n\t\t\t\t\t\t<div class=\"elementor-element elementor-element-d828723 elementor-widget elementor-widget-spacer\" data-id=\"d828723\" data-element_type=\"widget\" data-widget_type=\"spacer.default\">\n\t\t\t\t<div class=\"elementor-widget-container\">\n\t\t\t\t\t\t\t<div class=\"elementor-spacer\">\n\t\t\t<div class=\"elementor-spacer-inner\"><\/div>\n\t\t<\/div>\n\t\t\t\t\t\t<\/div>\n\t\t\t\t<\/div>\n\t\t\t\t\t<\/div>\n\t\t<\/div>\n\t\t\t\t\t<\/div>\n\t\t<\/section>\n\t\t\t\t<div class=\"elementor-element elementor-element-28ed448 elementor-widget__width-initial elementor-widget elementor-widget-text-editor\" data-id=\"28ed448\" data-element_type=\"widget\" data-widget_type=\"text-editor.default\">\n\t\t\t\t<div class=\"elementor-widget-container\">\n\t\t\t\t\t\t\t\t\t<p data-pm-slice=\"1 1 []\">L\u2019H\u00f4tel La Pietra s\u2019adresse \u00e0 ceux qui recherchent un s\u00e9jour authentique, entre d\u00e9tente et d\u00e9couverte. Ici, chaque voyageur trouve son rythme : contemplatif, gourmand ou explorateur. L\u2019\u00e9tablissement conjugue discr\u00e9tion, confort et accueil sinc\u00e8re pour offrir une exp\u00e9rience qui refl\u00e8te l\u2019essence m\u00eame de la Corse : simple, lumineuse et profond\u00e9ment humaine.<\/p><h3>Couples \u00e0 la recherche de calme et de vue mer<\/h3><p>Perch\u00e9 au-dessus des flots, l\u2019h\u00f4tel s\u00e9duit naturellement les couples en qu\u00eate d\u2019intimit\u00e9 et de romantisme. Les chambres vue mer, baign\u00e9es de lumi\u00e8re, invitent \u00e0 la contemplation et au l\u00e2cher-prise. D\u00eener face au coucher du soleil, savourer un petit d\u00e9jeuner sur la terrasse ou se promener main dans la main sur le port tout proche : chaque instant devient un souvenir pr\u00e9cieux, grav\u00e9 dans le cadre magique de la Balagne.<\/p><h3>Familles ou voyageurs souhaitant confort et services<\/h3><p>Les familles trouvent \u00e0 La Pietra un \u00e9quilibre parfait entre tranquillit\u00e9 et praticit\u00e9. Les espaces communs accueillants et les prestations attentives facilitent les s\u00e9jours \u00e0 plusieurs. L\u2019h\u00f4tel met un point d\u2019honneur \u00e0 offrir une ambiance chaleureuse o\u00f9 chacun, du plus jeune au plus grand, se sent \u00e0 l\u2019aise. Pour les voyageurs en solo ou entre amis, la convivialit\u00e9 du bar et les activit\u00e9s alentour promettent \u00e9galement de belles rencontres sous le soleil corse.<\/p>\t\t\t\t\t\t\t\t<\/div>\n\t\t\t\t<\/div>\n\t\t\t\t\t<\/div>\n\t\t<\/div>\n\t\t\t\t\t<\/div>\n\t\t<\/section>\n\t\t\t\t<section class=\"elementor-section elementor-top-section elementor-element elementor-element-cb6052a elementor-section-boxed elementor-section-height-default elementor-section-height-default\" data-id=\"cb6052a\" data-element_type=\"section\" data-settings=\"{&quot;background_background&quot;:&quot;classic&quot;}\">\n\t\t\t\t\t\t\t<div class=\"elementor-background-overlay\"><\/div>\n\t\t\t\t\t\t\t<div class=\"elementor-container elementor-column-gap-default\">\n\t\t\t\t\t<div class=\"elementor-column elementor-col-100 elementor-top-column elementor-element elementor-element-af23ddf\" data-id=\"af23ddf\" data-element_type=\"column\">\n\t\t\t<div class=\"elementor-widget-wrap elementor-element-populated\">\n\t\t\t\t\t\t<div class=\"elementor-element elementor-element-4696c04 elementor-widget elementor-widget-heading\" data-id=\"4696c04\" data-element_type=\"widget\" data-widget_type=\"heading.default\">\n\t\t\t\t<div class=\"elementor-widget-container\">\n\t\t\t\t\t<h2 class=\"elementor-heading-title elementor-size-default\">Questions fr\u00e9quentes : que devez-vous savoir avant de r\u00e9server ?<\/h2>\t\t\t\t<\/div>\n\t\t\t\t<\/div>\n\t\t\t\t<section class=\"elementor-section elementor-inner-section elementor-element elementor-element-c782f25 elementor-section-boxed elementor-section-height-default elementor-section-height-default\" data-id=\"c782f25\" data-element_type=\"section\">\n\t\t\t\t\t\t<div class=\"elementor-container elementor-column-gap-default\">\n\t\t\t\t\t<div class=\"elementor-column elementor-col-100 elementor-inner-column elementor-element elementor-element-a89ee25\" data-id=\"a89ee25\" data-element_type=\"column\" data-settings=\"{&quot;background_background&quot;:&quot;classic&quot;}\">\n\t\t\t<div class=\"elementor-widget-wrap elementor-element-populated\">\n\t\t\t\t\t<div class=\"elementor-background-overlay\"><\/div>\n\t\t\t\t\t\t<div class=\"elementor-element elementor-element-185f5ae elementor-widget elementor-widget-spacer\" data-id=\"185f5ae\" data-element_type=\"widget\" data-widget_type=\"spacer.default\">\n\t\t\t\t<div class=\"elementor-widget-container\">\n\t\t\t\t\t\t\t<div class=\"elementor-spacer\">\n\t\t\t<div class=\"elementor-spacer-inner\"><\/div>\n\t\t<\/div>\n\t\t\t\t\t\t<\/div>\n\t\t\t\t<\/div>\n\t\t\t\t\t<\/div>\n\t\t<\/div>\n\t\t\t\t\t<\/div>\n\t\t<\/section>\n\t\t\t\t<div class=\"elementor-element elementor-element-c77f50e elementor-widget elementor-widget-text-editor\" data-id=\"c77f50e\" data-element_type=\"widget\" data-widget_type=\"text-editor.default\">\n\t\t\t\t<div class=\"elementor-widget-container\">\n\t\t\t\t\t\t\t\t\t<p data-pm-slice=\"1 1 []\">Avant de planifier votre s\u00e9jour \u00e0 l\u2019H\u00f4tel La Pietra, quelques informations pratiques permettent d\u2019organiser vos vacances en toute s\u00e9r\u00e9nit\u00e9. L\u2019\u00e9tablissement met un point d\u2019honneur \u00e0 rendre chaque arriv\u00e9e fluide, chaque d\u00e9part agr\u00e9able et chaque instant sur place m\u00e9morable. Voici les r\u00e9ponses aux questions les plus courantes des voyageurs s\u00e9journant dans ce havre en bord de mer.<\/p><h3>L\u2019h\u00f4tel est-il facile d\u2019acc\u00e8s et quand ouvre-t-il ses portes ?<\/h3><p>L\u2019H\u00f4tel La Pietra est facilement accessible depuis le centre de L\u2019\u00cele-Rousse et la gare, situ\u00e9s \u00e0 seulement quelques minutes. Un parking priv\u00e9 gratuit est \u00e0 disposition des clients, id\u00e9al pour explorer la r\u00e9gion en voiture. L\u2019\u00e9tablissement ouvre g\u00e9n\u00e9ralement du printemps \u00e0 l\u2019automne, p\u00e9riode o\u00f9 la Corse r\u00e9v\u00e8le toute sa splendeur. L\u2019acc\u00e8s se fait \u00e9galement ais\u00e9ment depuis le port, pour les voyageurs arrivant par la mer.<\/p><h3>Quelles sont les meilleures astuces pour profiter pleinement de votre s\u00e9jour ?<\/h3><p>Pour savourer pleinement l\u2019exp\u00e9rience, mieux vaut pr\u00e9voir quelques jours sur place afin d\u2019alterner d\u00e9tente \u00e0 l\u2019h\u00f4tel et d\u00e9couvertes aux alentours. R\u00e9server une chambre avec balcon ou terrasse vue mer promet des levers et couchers de soleil inoubliables. Les amateurs de gastronomie pourront go\u00fbter aux sp\u00e9cialit\u00e9s corses servies au restaurant panoramique. Enfin, un moment au spa ou sur la terrasse au coucher du soleil parach\u00e8vera ce s\u00e9jour inoubliable dans l\u2019un des plus beaux h\u00f4tels 3 \u00e9toiles de Corse.<\/p>\t\t\t\t\t\t\t\t<\/div>\n\t\t\t\t<\/div>\n\t\t\t\t\t<\/div>\n\t\t<\/div>\n\t\t\t\t\t<\/div>\n\t\t<\/section>\n\t\t\t\t<section class=\"elementor-section elementor-top-section elementor-element elementor-element-4d54fe9 elementor-section-full_width elementor-section-height-default elementor-section-height-default\" data-id=\"4d54fe9\" data-element_type=\"section\" data-settings=\"{&quot;background_background&quot;:&quot;classic&quot;}\">\n\t\t\t\t\t\t\t<div class=\"elementor-background-overlay\"><\/div>\n\t\t\t\t\t\t\t<div class=\"elementor-container elementor-column-gap-narrow\">\n\t\t\t\t\t<div class=\"elementor-column elementor-col-100 elementor-top-column elementor-element elementor-element-de54cb7\" data-id=\"de54cb7\" data-element_type=\"column\">\n\t\t\t<div class=\"elementor-widget-wrap elementor-element-populated\">\n\t\t\t\t\t\t<div class=\"elementor-element elementor-element-0923c44 elementor-widget elementor-widget-heading\" data-id=\"0923c44\" data-element_type=\"widget\" data-widget_type=\"heading.default\">\n\t\t\t\t<div class=\"elementor-widget-container\">\n\t\t\t\t\t<h2 class=\"elementor-heading-title elementor-size-default\">Vedi anche<\/h2>\t\t\t\t<\/div>\n\t\t\t\t<\/div>\n\t\t\t\t<section class=\"elementor-section elementor-inner-section elementor-element elementor-element-575b2ba elementor-section-boxed elementor-section-height-default elementor-section-height-default\" data-id=\"575b2ba\" data-element_type=\"section\">\n\t\t\t\t\t\t<div class=\"elementor-container elementor-column-gap-default\">\n\t\t\t\t\t<div class=\"elementor-column elementor-col-33 elementor-inner-column elementor-element elementor-element-5713d81\" data-id=\"5713d81\" data-element_type=\"column\">\n\t\t\t<div class=\"elementor-widget-wrap elementor-element-populated\">\n\t\t\t\t\t\t<div class=\"elementor-element elementor-element-5ddba2b elementor-widget elementor-widget-image\" data-id=\"5ddba2b\" data-element_type=\"widget\" data-widget_type=\"image.default\">\n\t\t\t\t<div class=\"elementor-widget-container\">\n\t\t\t\t\t\t\t\t\t\t\t\t\t\t\t<img decoding=\"async\" width=\"2121\" height=\"1414\" src=\"https:\/\/www.hotel-lapietra.com\/wp-content\/uploads\/2023\/01\/Speloncato-balagne.jpg\" class=\"attachment-full size-full wp-image-7993\" alt=\"foto-villaggio-speloncato-hotel-balagne\" srcset=\"https:\/\/www.hotel-lapietra.com\/wp-content\/uploads\/2023\/01\/Speloncato-balagne.jpg 2121w, https:\/\/www.hotel-lapietra.com\/wp-content\/uploads\/2023\/01\/Speloncato-balagne-300x200.jpg 300w, https:\/\/www.hotel-lapietra.com\/wp-content\/uploads\/2023\/01\/Speloncato-balagne-1024x683.jpg 1024w, https:\/\/www.hotel-lapietra.com\/wp-content\/uploads\/2023\/01\/Speloncato-balagne-768x512.jpg 768w, https:\/\/www.hotel-lapietra.com\/wp-content\/uploads\/2023\/01\/Speloncato-balagne-1536x1024.jpg 1536w, https:\/\/www.hotel-lapietra.com\/wp-content\/uploads\/2023\/01\/Speloncato-balagne-2048x1365.jpg 2048w, https:\/\/www.hotel-lapietra.com\/wp-content\/uploads\/2023\/01\/Speloncato-balagne-18x12.jpg 18w\" sizes=\"(max-width: 2121px) 100vw, 2121px\" title=\"Foto -\">\t\t\t\t\t\t\t\t\t\t\t\t\t\t\t<\/div>\n\t\t\t\t<\/div>\n\t\t\t\t<div class=\"elementor-element elementor-element-6c8c34c elementor-widget elementor-widget-heading\" data-id=\"6c8c34c\" data-element_type=\"widget\" data-widget_type=\"heading.default\">\n\t\t\t\t<div class=\"elementor-widget-container\">\n\t\t\t\t\t<h3 class=\"elementor-heading-title elementor-size-default\">La Balagne<\/h3>\t\t\t\t<\/div>\n\t\t\t\t<\/div>\n\t\t\t\t<div class=\"elementor-element elementor-element-d03aa0b elementor-align-center elementor-widget elementor-widget-button\" data-id=\"d03aa0b\" data-element_type=\"widget\" data-widget_type=\"button.default\">\n\t\t\t\t<div class=\"elementor-widget-container\">\n\t\t\t\t\t\t\t\t\t<div class=\"elementor-button-wrapper\">\n\t\t\t\t\t<a class=\"elementor-button elementor-button-link elementor-size-sm\" href=\"https:\/\/www.hotel-lapietra.com\/it\/turismo-hotel-ile-rousse-corsica\/hotel-balagne-balagne\/\">\n\t\t\t\t\t\t<span class=\"elementor-button-content-wrapper\">\n\t\t\t\t\t\t\t\t\t<span class=\"elementor-button-text\">Per saperne di pi\u00f9<\/span>\n\t\t\t\t\t<\/span>\n\t\t\t\t\t<\/a>\n\t\t\t\t<\/div>\n\t\t\t\t\t\t\t\t<\/div>\n\t\t\t\t<\/div>\n\t\t\t\t\t<\/div>\n\t\t<\/div>\n\t\t\t\t<div class=\"elementor-column elementor-col-33 elementor-inner-column elementor-element elementor-element-4895b0f\" data-id=\"4895b0f\" data-element_type=\"column\">\n\t\t\t<div class=\"elementor-widget-wrap elementor-element-populated\">\n\t\t\t\t\t\t<div class=\"elementor-element elementor-element-125e731 elementor-widget elementor-widget-image\" data-id=\"125e731\" data-element_type=\"widget\" data-widget_type=\"image.default\">\n\t\t\t\t<div class=\"elementor-widget-container\">\n\t\t\t\t\t\t\t\t\t\t\t\t\t\t\t<img decoding=\"async\" width=\"2121\" height=\"1414\" src=\"https:\/\/www.hotel-lapietra.com\/wp-content\/uploads\/2023\/01\/ile-rousse.jpg\" class=\"attachment-full size-full wp-image-7980\" alt=\"foto-pagamento-ile-rousse-hotel\" srcset=\"https:\/\/www.hotel-lapietra.com\/wp-content\/uploads\/2023\/01\/ile-rousse.jpg 2121w, https:\/\/www.hotel-lapietra.com\/wp-content\/uploads\/2023\/01\/ile-rousse-300x200.jpg 300w, https:\/\/www.hotel-lapietra.com\/wp-content\/uploads\/2023\/01\/ile-rousse-1024x683.jpg 1024w, https:\/\/www.hotel-lapietra.com\/wp-content\/uploads\/2023\/01\/ile-rousse-768x512.jpg 768w, https:\/\/www.hotel-lapietra.com\/wp-content\/uploads\/2023\/01\/ile-rousse-1536x1024.jpg 1536w, https:\/\/www.hotel-lapietra.com\/wp-content\/uploads\/2023\/01\/ile-rousse-2048x1365.jpg 2048w, https:\/\/www.hotel-lapietra.com\/wp-content\/uploads\/2023\/01\/ile-rousse-18x12.jpg 18w\" sizes=\"(max-width: 2121px) 100vw, 2121px\" title=\"Foto -\">\t\t\t\t\t\t\t\t\t\t\t\t\t\t\t<\/div>\n\t\t\t\t<\/div>\n\t\t\t\t<div class=\"elementor-element elementor-element-ff23c54 elementor-widget elementor-widget-heading\" data-id=\"ff23c54\" data-element_type=\"widget\" data-widget_type=\"heading.default\">\n\t\t\t\t<div class=\"elementor-widget-container\">\n\t\t\t\t\t<h3 class=\"elementor-heading-title elementor-size-default\">L'isola rossa<\/h3>\t\t\t\t<\/div>\n\t\t\t\t<\/div>\n\t\t\t\t<div class=\"elementor-element elementor-element-87e84c4 elementor-align-center elementor-widget elementor-widget-button\" data-id=\"87e84c4\" data-element_type=\"widget\" data-widget_type=\"button.default\">\n\t\t\t\t<div class=\"elementor-widget-container\">\n\t\t\t\t\t\t\t\t\t<div class=\"elementor-button-wrapper\">\n\t\t\t\t\t<a class=\"elementor-button elementor-button-link elementor-size-sm\" href=\"https:\/\/www.hotel-lapietra.com\/it\/turismo-hotel-ile-rousse-corsica\/spiaggia-di-lile-rousse\/\">\n\t\t\t\t\t\t<span class=\"elementor-button-content-wrapper\">\n\t\t\t\t\t\t\t\t\t<span class=\"elementor-button-text\">Per saperne di pi\u00f9<\/span>\n\t\t\t\t\t<\/span>\n\t\t\t\t\t<\/a>\n\t\t\t\t<\/div>\n\t\t\t\t\t\t\t\t<\/div>\n\t\t\t\t<\/div>\n\t\t\t\t\t<\/div>\n\t\t<\/div>\n\t\t\t\t<div class=\"elementor-column elementor-col-33 elementor-inner-column elementor-element elementor-element-05882db\" data-id=\"05882db\" data-element_type=\"column\">\n\t\t\t<div class=\"elementor-widget-wrap elementor-element-populated\">\n\t\t\t\t\t\t<div class=\"elementor-element elementor-element-ee5700d elementor-widget elementor-widget-image\" data-id=\"ee5700d\" data-element_type=\"widget\" data-widget_type=\"image.default\">\n\t\t\t\t<div class=\"elementor-widget-container\">\n\t\t\t\t\t\t\t\t\t\t\t\t\t\t\t<img loading=\"lazy\" decoding=\"async\" width=\"2311\" height=\"1297\" src=\"https:\/\/www.hotel-lapietra.com\/wp-content\/uploads\/2023\/01\/corse-1.jpg\" class=\"attachment-full size-full wp-image-7976\" alt=\"foto-cote-corse-ile-rousse\" srcset=\"https:\/\/www.hotel-lapietra.com\/wp-content\/uploads\/2023\/01\/corse-1.jpg 2311w, https:\/\/www.hotel-lapietra.com\/wp-content\/uploads\/2023\/01\/corse-1-300x168.jpg 300w, https:\/\/www.hotel-lapietra.com\/wp-content\/uploads\/2023\/01\/corse-1-1024x575.jpg 1024w, https:\/\/www.hotel-lapietra.com\/wp-content\/uploads\/2023\/01\/corse-1-768x431.jpg 768w, https:\/\/www.hotel-lapietra.com\/wp-content\/uploads\/2023\/01\/corse-1-1536x862.jpg 1536w, https:\/\/www.hotel-lapietra.com\/wp-content\/uploads\/2023\/01\/corse-1-2048x1149.jpg 2048w, https:\/\/www.hotel-lapietra.com\/wp-content\/uploads\/2023\/01\/corse-1-18x10.jpg 18w\" sizes=\"(max-width: 2311px) 100vw, 2311px\" title=\"Foto -\">\t\t\t\t\t\t\t\t\t\t\t\t\t\t\t<\/div>\n\t\t\t\t<\/div>\n\t\t\t\t<div class=\"elementor-element elementor-element-03ecb3d elementor-widget elementor-widget-heading\" data-id=\"03ecb3d\" data-element_type=\"widget\" data-widget_type=\"heading.default\">\n\t\t\t\t<div class=\"elementor-widget-container\">\n\t\t\t\t\t<h3 class=\"elementor-heading-title elementor-size-default\"><a href=\"https:\/\/www.hotel-lapietra.com\/it\/turismo-hotel-ile-rousse-corsica\/\">Turismo<\/a><\/h3>\t\t\t\t<\/div>\n\t\t\t\t<\/div>\n\t\t\t\t<div class=\"elementor-element elementor-element-8e54395 elementor-align-center elementor-widget elementor-widget-button\" data-id=\"8e54395\" data-element_type=\"widget\" data-widget_type=\"button.default\">\n\t\t\t\t<div class=\"elementor-widget-container\">\n\t\t\t\t\t\t\t\t\t<div class=\"elementor-button-wrapper\">\n\t\t\t\t\t<a class=\"elementor-button elementor-button-link elementor-size-sm\" href=\"#\">\n\t\t\t\t\t\t<span class=\"elementor-button-content-wrapper\">\n\t\t\t\t\t\t\t\t\t<span class=\"elementor-button-text\">Per saperne di pi\u00f9<\/span>\n\t\t\t\t\t<\/span>\n\t\t\t\t\t<\/a>\n\t\t\t\t<\/div>\n\t\t\t\t\t\t\t\t<\/div>\n\t\t\t\t<\/div>\n\t\t\t\t\t<\/div>\n\t\t<\/div>\n\t\t\t\t\t<\/div>\n\t\t<\/section>\n\t\t\t\t\t<\/div>\n\t\t<\/div>\n\t\t\t\t\t<\/div>\n\t\t<\/section>\n\t\t\t\t<\/div>","protected":false},"excerpt":{"rendered":"<p>H\u00f4tel 3 \u00e9toiles en Corse : s\u00e9jour raffin\u00e9 \u00e0 l\u2019H\u00f4tel La Pietra Pourquoi choisir un h\u00f4tel 3 \u00e9toiles en Corse pour vos vacances ? Choisir un h\u00f4tel 3 \u00e9toiles en Corse, c\u2019est opter pour l\u2019\u00e9quilibre parfait entre confort, authenticit\u00e9 et budget ma\u00eetris\u00e9. Ces \u00e9tablissements offrent tout le n\u00e9cessaire pour vivre pleinement la douceur m\u00e9diterran\u00e9enne : [&hellip;]<\/p>","protected":false},"author":7,"featured_media":9307,"parent":368,"menu_order":0,"comment_status":"closed","ping_status":"closed","template":"","meta":{"inline_featured_image":false,"footnotes":""},"class_list":["post-10766","page","type-page","status-publish","has-post-thumbnail","hentry"],"_links":{"self":[{"href":"https:\/\/www.hotel-lapietra.com\/it\/wp-json\/wp\/v2\/pages\/10766","targetHints":{"allow":["GET"]}}],"collection":[{"href":"https:\/\/www.hotel-lapietra.com\/it\/wp-json\/wp\/v2\/pages"}],"about":[{"href":"https:\/\/www.hotel-lapietra.com\/it\/wp-json\/wp\/v2\/types\/page"}],"author":[{"embeddable":true,"href":"https:\/\/www.hotel-lapietra.com\/it\/wp-json\/wp\/v2\/users\/7"}],"replies":[{"embeddable":true,"href":"https:\/\/www.hotel-lapietra.com\/it\/wp-json\/wp\/v2\/comments?post=10766"}],"version-history":[{"count":13,"href":"https:\/\/www.hotel-lapietra.com\/it\/wp-json\/wp\/v2\/pages\/10766\/revisions"}],"predecessor-version":[{"id":10784,"href":"https:\/\/www.hotel-lapietra.com\/it\/wp-json\/wp\/v2\/pages\/10766\/revisions\/10784"}],"up":[{"embeddable":true,"href":"https:\/\/www.hotel-lapietra.com\/it\/wp-json\/wp\/v2\/pages\/368"}],"wp:featuredmedia":[{"embeddable":true,"href":"https:\/\/www.hotel-lapietra.com\/it\/wp-json\/wp\/v2\/media\/9307"}],"wp:attachment":[{"href":"https:\/\/www.hotel-lapietra.com\/it\/wp-json\/wp\/v2\/media?parent=10766"}],"curies":[{"name":"wp","href":"https:\/\/api.w.org\/{rel}","templated":true}]}}